{"id":1421,"date":"2020-02-24T10:09:13","date_gmt":"2020-02-24T09:09:13","guid":{"rendered":"http:\/\/jugendpflege4.org\/?page_id=1421"},"modified":"2025-12-12T09:37:01","modified_gmt":"2025-12-12T08:37:01","slug":"berlin","status":"publish","type":"page","link":"https:\/\/jugendpflege4.org\/index.php\/berlin\/","title":{"rendered":"St\u00e4dtetrip"},"content":{"rendered":"<p><div class=\"fusion-fullwidth fullwidth-box nonhundred-percent-fullwidth non-hundred-percent-height-scrolling\"  style='background-color: rgba(255,255,255,0);background-position: center center;background-repeat: no-repeat;padding-top:0px;padding-right:0px;padding-bottom:0px;padding-left:0px;'><div class=\"fusion-builder-row fusion-row \"><div  class=\"fusion-layout-column fusion_builder_column fusion_builder_column_1_2 fusion-builder-column-1 fusion-one-half fusion-column-first 1_2\"  style='margin-top:0px;margin-bottom:20px;width:50%;width:calc(50% - ( ( 4% ) * 0.5 ) );margin-right: 4%;'>\n\t\t\t\t\t<div class=\"fusion-column-wrapper\" style=\"padding: 0px 0px 0px 0px;background-position:left top;background-repeat:no-repeat;-webkit-background-size:cover;-moz-background-size:cover;-o-background-size:cover;background-size:cover;\"   data-bg-url=\"\">\n\t\t\t\t\t\t<span style=\"-webkit-box-shadow: 0px 0px 4px rgba(0,0,0,0.3);box-shadow: 0px 0px 4px rgba(0,0,0,0.3);\" class=\"fusion-imageframe imageframe-dropshadow imageframe-1 hover-type-none\"><img loading=\"lazy\" decoding=\"async\" src=\"https:\/\/jugendpflege4.org\/wp-content\/uploads\/2025\/12\/Flyer_Freiburg_2026.jpg\" width=\"1414\" height=\"2000\" alt=\"\" title=\"Flyer_Freiburg_2026\" class=\"img-responsive wp-image-3244\" srcset=\"https:\/\/jugendpflege4.org\/wp-content\/uploads\/2025\/12\/Flyer_Freiburg_2026-200x283.jpg 200w, https:\/\/jugendpflege4.org\/wp-content\/uploads\/2025\/12\/Flyer_Freiburg_2026-400x566.jpg 400w, https:\/\/jugendpflege4.org\/wp-content\/uploads\/2025\/12\/Flyer_Freiburg_2026-600x849.jpg 600w, https:\/\/jugendpflege4.org\/wp-content\/uploads\/2025\/12\/Flyer_Freiburg_2026-800x1132.jpg 800w, https:\/\/jugendpflege4.org\/wp-content\/uploads\/2025\/12\/Flyer_Freiburg_2026-1200x1697.jpg 1200w, https:\/\/jugendpflege4.org\/wp-content\/uploads\/2025\/12\/Flyer_Freiburg_2026.jpg 1414w\" sizes=\"auto, (max-width: 1120px) 100vw, 1414px\" \/><\/span><div class=\"fusion-clearfix\"><\/div>\n\n\t\t\t\t\t<\/div>\n\t\t\t\t<\/div><div  class=\"fusion-layout-column fusion_builder_column fusion_builder_column_1_2 fusion-builder-column-2 fusion-one-half fusion-column-last 1_2\"  style='margin-top:0px;margin-bottom:20px;width:50%;width:calc(50% - ( ( 4% ) * 0.5 ) );'>\n\t\t\t\t\t<div class=\"fusion-column-wrapper\" style=\"padding: 0px 0px 0px 0px;background-position:left top;background-repeat:no-repeat;-webkit-background-size:cover;-moz-background-size:cover;-o-background-size:cover;background-size:cover;\"   data-bg-url=\"\">\n\t\t\t\t\t\t<div class=\"fusion-text\"><p>Auch in diesem Jahr konnten wir in Kooperation mit der Jugendarbeit Rosbach einen St\u00e4dtetrip realisieren.<\/p>\n<p>Meldet euch ab sofort an (potschka@jugendpflege4.de) und bereist mit uns Freiburg :)<\/p>\n<p>Dort k\u00f6nnt ihr die Stadt erkunden, das Dreil\u00e4ndereck besuchen und den Europapark erforschen. Auf los geht&#8217;s los!<\/p>\n<\/div><div class=\"fusion-clearfix\"><\/div>\n\n\t\t\t\t\t<\/div>\n\t\t\t\t<\/div><div  class=\"fusion-layout-column fusion_builder_column fusion_builder_column_1_1 fusion-builder-column-3 fusion-one-full fusion-column-first fusion-column-last 1_1\"  style='margin-top:0px;margin-bottom:20px;'>\n\t\t\t\t\t<div class=\"fusion-column-wrapper\" style=\"padding: 0px 0px 0px 0px;background-position:left top;background-repeat:no-repeat;-webkit-background-size:cover;-moz-background-size:cover;-o-background-size:cover;background-size:cover;\"   data-bg-url=\"\">\n\t\t\t\t\t\t<div class=\"fusion-text\"><p>In den letzen Jahren fuhren wir in den Osterferien im Wechsel nach Oberstorf bzw. in eine gr\u00f6\u00dfere deutsche Stadt.<\/p>\n<p>2019 ging es beispielsweise\u00a0 nach Berlin und nach der Lockerungen der Coronama\u00dfnahmen folgten eine Fahrt nach K\u00f6ln in 2023 und eine sehr erfolgreiche Freitzeit in Kooperation mit der Jugendarbeit Rosbach nach Stuttgart.<\/p>\n<p>\u00a0<\/p>\n<p>Weitere Infos dazu gibt es unten.<\/p>\n<\/div><div class=\"fusion-clearfix\"><\/div>\n\n\t\t\t\t\t<\/div>\n\t\t\t\t<\/div><\/div><\/div><div class=\"fusion-fullwidth fullwidth-box nonhundred-percent-fullwidth non-hundred-percent-height-scrolling\"  style='background-color: rgba(255,255,255,0);background-position: center center;background-repeat: no-repeat;padding-top:0px;padding-right:0px;padding-bottom:0px;padding-left:0px;'><div class=\"fusion-builder-row fusion-row \"><\/div><\/div><div class=\"fusion-fullwidth fullwidth-box nonhundred-percent-fullwidth non-hundred-percent-height-scrolling\"  style='background-color: rgba(255,255,255,0);background-position: center center;background-repeat: no-repeat;padding-top:0px;padding-right:0px;padding-bottom:0px;padding-left:0px;'><div class=\"fusion-builder-row fusion-row \"><div  class=\"fusion-layout-column fusion_builder_column fusion_builder_column_1_2 fusion-builder-column-4 fusion-one-half fusion-column-first 1_2\"  style='margin-top:0px;margin-bottom:20px;width:50%;width:calc(50% - ( ( 4% ) * 0.5 ) );margin-right: 4%;'>\n\t\t\t\t\t<div class=\"fusion-column-wrapper\" style=\"padding: 0px 0px 0px 0px;background-position:left top;background-repeat:no-repeat;-webkit-background-size:cover;-moz-background-size:cover;-o-background-size:cover;background-size:cover;\"   data-bg-url=\"\">\n\t\t\t\t\t\t<span style=\"-webkit-box-shadow: 0px 0px 4px rgba(0,0,0,0.3);box-shadow: 0px 0px 4px rgba(0,0,0,0.3);\" class=\"fusion-imageframe imageframe-dropshadow imageframe-2 hover-type-none\"><img loading=\"lazy\" decoding=\"async\" src=\"https:\/\/jugendpflege4.org\/wp-content\/uploads\/2025\/01\/Flyer_Koeln_2025-212x300.jpg\" width=\"212\" height=\"300\" alt=\"\" title=\"Flyer_K\u00f6ln_2025\" class=\"img-responsive wp-image-3108\" srcset=\"https:\/\/jugendpflege4.org\/wp-content\/uploads\/2025\/01\/Flyer_Koeln_2025-200x283.jpg 200w, https:\/\/jugendpflege4.org\/wp-content\/uploads\/2025\/01\/Flyer_Koeln_2025-400x566.jpg 400w, https:\/\/jugendpflege4.org\/wp-content\/uploads\/2025\/01\/Flyer_Koeln_2025-600x850.jpg 600w, https:\/\/jugendpflege4.org\/wp-content\/uploads\/2025\/01\/Flyer_Koeln_2025.jpg 762w\" sizes=\"auto, (max-width: 1120px) 100vw, 212px\" \/><\/span><div class=\"fusion-clearfix\"><\/div>\n\n\t\t\t\t\t<\/div>\n\t\t\t\t<\/div><div  class=\"fusion-layout-column fusion_builder_column fusion_builder_column_1_2 fusion-builder-column-5 fusion-one-half fusion-column-last 1_2\"  style='margin-top:0px;margin-bottom:20px;width:50%;width:calc(50% - ( ( 4% ) * 0.5 ) );'>\n\t\t\t\t\t<div class=\"fusion-column-wrapper\" style=\"padding: 0px 0px 0px 0px;background-position:left top;background-repeat:no-repeat;-webkit-background-size:cover;-moz-background-size:cover;-o-background-size:cover;background-size:cover;\"   data-bg-url=\"\">\n\t\t\t\t\t\t<div class=\"fusion-text\"><p>In den Osterferien gibt es wieder unseren beliebten St\u00e4dtetrip. Dieses Jahr geht es vom 15.-17. April 2025 nach K\u00f6ln. Von einem Ausflug in die Innenstadt zum Shoppen, dem Besichtigen einiger Sehensw\u00fcrdigkeiten, dem Besuch des Jumphouse, bis hin zu einem Tagesausflug in das ber\u00fchmte Schokoladenmuseum von Lindt: Spa\u00df und Abwechslung sind garantiert. \u00dcbernachten werden wir in einem Hostel mit Vollverpflegung mitten in der Innenstadt von K\u00f6ln.<\/p>\n<p>Du bist zwischen 12 und 17 Jahre alt und hast Bock auf einen St\u00e4dtetrip? Dann melde Dich bei David an! Er kann auch alle weiteren Fragen beantworten.<\/p>\n<p>Der Anmeldeschluss ist der 21. Februar 2025. Die Kosten liegen bei 150\u20ac p.P..<\/p>\n<p>\u00a0<\/p>\n<p>Kontakt:<br \/>David Potschka<br \/>Tel.: 0171-5177972<br \/>Mail: <a href=\"mailto:potschka@jugendpflege4.de\">potschka@jugendpflege4.de<\/a><\/p>\n<p>\u00a0<\/p>\n<p>Eure Jugendpflege 4.0<\/p>\n<\/div><div class=\"fusion-clearfix\"><\/div>\n\n\t\t\t\t\t<\/div>\n\t\t\t\t<\/div><\/div><\/div><div class=\"fusion-fullwidth fullwidth-box nonhundred-percent-fullwidth non-hundred-percent-height-scrolling\"  style='background-color: rgba(255,255,255,0);background-position: center center;background-repeat: no-repeat;padding-top:0px;padding-right:0px;padding-bottom:0px;padding-left:0px;'><div class=\"fusion-builder-row fusion-row \"><div  class=\"fusion-layout-column fusion_builder_column fusion_builder_column_1_2 fusion-builder-column-6 fusion-one-half fusion-column-first 1_2\"  style='margin-top:0px;margin-bottom:20px;width:50%;width:calc(50% - ( ( 4% ) * 0.5 ) );margin-right: 4%;'>\n\t\t\t\t\t<div class=\"fusion-column-wrapper\" style=\"padding: 0px 0px 0px 0px;background-position:left top;background-repeat:no-repeat;-webkit-background-size:cover;-moz-background-size:cover;-o-background-size:cover;background-size:cover;\"   data-bg-url=\"\">\n\t\t\t\t\t\t<span style=\"-webkit-box-shadow: 0px 0px 4px rgba(0,0,0,0.3);box-shadow: 0px 0px 4px rgba(0,0,0,0.3);\" class=\"fusion-imageframe imageframe-dropshadow imageframe-3 hover-type-none\"><img loading=\"lazy\" decoding=\"async\" src=\"https:\/\/jugendpflege4.org\/wp-content\/uploads\/2024\/04\/Gruppenbild_Stuttgart2024-300x225.jpg\" width=\"300\" height=\"225\" alt=\"\" title=\"Gruppenbild_Stuttgart2024\" class=\"img-responsive wp-image-2965\" srcset=\"https:\/\/jugendpflege4.org\/wp-content\/uploads\/2024\/04\/Gruppenbild_Stuttgart2024-200x150.jpg 200w, https:\/\/jugendpflege4.org\/wp-content\/uploads\/2024\/04\/Gruppenbild_Stuttgart2024-400x300.jpg 400w, https:\/\/jugendpflege4.org\/wp-content\/uploads\/2024\/04\/Gruppenbild_Stuttgart2024-600x450.jpg 600w, https:\/\/jugendpflege4.org\/wp-content\/uploads\/2024\/04\/Gruppenbild_Stuttgart2024-800x600.jpg 800w, https:\/\/jugendpflege4.org\/wp-content\/uploads\/2024\/04\/Gruppenbild_Stuttgart2024-1200x900.jpg 1200w, https:\/\/jugendpflege4.org\/wp-content\/uploads\/2024\/04\/Gruppenbild_Stuttgart2024.jpg 1280w\" sizes=\"auto, (max-width: 1120px) 100vw, 300px\" \/><\/span><div class=\"fusion-clearfix\"><\/div>\n\n\t\t\t\t\t<\/div>\n\t\t\t\t<\/div><div  class=\"fusion-layout-column fusion_builder_column fusion_builder_column_1_2 fusion-builder-column-7 fusion-one-half fusion-column-last 1_2\"  style='margin-top:0px;margin-bottom:20px;width:50%;width:calc(50% - ( ( 4% ) * 0.5 ) );'>\n\t\t\t\t\t<div class=\"fusion-column-wrapper\" style=\"padding: 0px 0px 0px 0px;background-position:left top;background-repeat:no-repeat;-webkit-background-size:cover;-moz-background-size:cover;-o-background-size:cover;background-size:cover;\"   data-bg-url=\"\">\n\t\t\t\t\t\t<div class=\"fusion-text\"><h4>Jugendfreizeit in Stuttgart<\/h4>\n<p>\u00a0<\/p>\n<p>Diese Osterferien war es wieder soweit! Die Jugendpflege 4.0 und die Jugendarbeit Rosbach sind zusammen mit 15 Jugendlichen nach Stuttgart gefahren.<\/p>\n<p>Alle waren ein bisschen aufgeregt und freuten sich auf die Tage weg von Zuhause, die gemeinsame Zeit in einer fremden Stadt mit Gleichaltrigen, coole Attraktionen sowie das Shoppen und Bummeln in den Einkaufszentren. Es gab tags\u00fcber viele spannende Ausfl\u00fcge und sp\u00e4ter zum Entspannen und F\u00fc\u00dfe erholen unterhaltsame Spieleabende mit diversen Snacks.<\/p>\n<p>Eine Besonderheit war der Fernsehturm von Stuttgart, welcher der erste der Welt war. Dort haben wir den Sonnenuntergang und die Stadt aus knapp 200m H\u00f6he beobachten k\u00f6nnen. Mindestens genauso interessant war der Besuch in dem TV-bekannten zoologischen-botanischen Garten Wilhelma, welcher zu den artenreichsten Zoos der Welt geh\u00f6rt.<\/p>\n<p>Am letzten Tag durfte noch einmal die Stadt erkundet werden und es gab einen gemeinsamen Ausflug ins Planetarium, in dem wir einiges \u00fcber unsere Sterne und die Faszination der Nordlichter lernen konnten.<\/p>\n<p>Alles in allem war es eine sehr erfolgreiche und sch\u00f6ne Freizeit und wir freuen uns bereits auf die N\u00e4chste im kommenden Jahr!<\/p>\n<\/div><div class=\"fusion-clearfix\"><\/div>\n\n\t\t\t\t\t<\/div>\n\t\t\t\t<\/div><\/div><\/div><div class=\"fusion-fullwidth fullwidth-box nonhundred-percent-fullwidth non-hundred-percent-height-scrolling\"  style='background-color: rgba(255,255,255,0);background-position: center center;background-repeat: no-repeat;padding-top:0px;padding-right:0px;padding-bottom:0px;padding-left:0px;'><div class=\"fusion-builder-row fusion-row \"><div  class=\"fusion-layout-column fusion_builder_column fusion_builder_column_1_2 fusion-builder-column-8 fusion-one-half fusion-column-first 1_2\"  style='margin-top:0px;margin-bottom:20px;width:50%;width:calc(50% - ( ( 4% ) * 0.5 ) );margin-right: 4%;'>\n\t\t\t\t\t<div class=\"fusion-column-wrapper\" style=\"padding: 0px 0px 0px 0px;background-position:left top;background-repeat:no-repeat;-webkit-background-size:cover;-moz-background-size:cover;-o-background-size:cover;background-size:cover;\"   data-bg-url=\"\">\n\t\t\t\t\t\t<div class=\"fusion-text\"><h4>Fahrt nach K\u00f6ln war &#8222;voller Erfolg&#8220;<\/h4>\n<p>\u00a0<\/p>\n<p>\u201eEndlich wieder Ferienfreizeit\u201c!\u00a0 Das dachten sich auch die sieben Jugendlichen aus den Kommunen Florstadt, Reichelsheim &amp; Echzell.<\/p>\n<p>Die Jugendpflege 4.0 konnte nach langer Corona-Pause endlich wieder eine Ferienfreizeit anbieten. In diesem Jahr ging es gemeinsam mit den Jugendlichen f\u00fcr drei Tage nach K\u00f6ln.<\/p>\n<p>Neben dem Bummeln und Shoppen in der sch\u00f6nen Stadt am Rhein wurden nat\u00fcrlich auch einige Sehensw\u00fcrdigkeiten besichtigt. Darunter der K\u00f6lner Dom und die Hohenzollerbr\u00fccke mit ihren abertausenden Liebesschl\u00f6ssern. Neben der Besichtigung verschiedener anderer Pl\u00e4tze wurde ebenso ein Ausflug zur Kirmes in K\u00f6ln Dietz unternommen. Einer der Hauptprogrammpunkte war der Besuch des Schokoladenmuseums. Bei einer geleiteten F\u00fchrung erfuhren die Jugendlichen alles \u00fcber die Schokolade, ihre Herkunft und Herstellung und konnten schlie\u00dflich auch einiges probieren. Ein weiterer Programmpunkt war eine Zeitreise durch das alte K\u00f6ln mit VR-Brillen bei \u201eTimeRide\u201c, was f\u00fcr viele eine neue spannende Erfahrung war.<\/p>\n<p>Die Freizeit war ein voller Erfolg und wir freuen uns schon auf die N\u00e4chste im kommenden Jahr.<\/p>\n<\/div><div class=\"fusion-clearfix\"><\/div>\n\n\t\t\t\t\t<\/div>\n\t\t\t\t<\/div><div  class=\"fusion-layout-column fusion_builder_column fusion_builder_column_1_2 fusion-builder-column-9 fusion-one-half fusion-column-last 1_2\"  style='margin-top:0px;margin-bottom:20px;width:50%;width:calc(50% - ( ( 4% ) * 0.5 ) );'>\n\t\t\t\t\t<div class=\"fusion-column-wrapper\" style=\"padding: 0px 0px 0px 0px;background-position:left top;background-repeat:no-repeat;-webkit-background-size:cover;-moz-background-size:cover;-o-background-size:cover;background-size:cover;\"   data-bg-url=\"\">\n\t\t\t\t\t\t<span style=\"-webkit-box-shadow: 0px 0px 4px rgba(0,0,0,0.3);box-shadow: 0px 0px 4px rgba(0,0,0,0.3);\" class=\"fusion-imageframe imageframe-dropshadow imageframe-4 hover-type-none\"><img loading=\"lazy\" decoding=\"async\" src=\"https:\/\/jugendpflege4.org\/wp-content\/uploads\/2023\/05\/Bild-Koeln-300x225.jpg\" width=\"300\" height=\"225\" alt=\"\" title=\"Bild K\u00f6ln\" class=\"img-responsive wp-image-2737\" srcset=\"https:\/\/jugendpflege4.org\/wp-content\/uploads\/2023\/05\/Bild-Koeln-200x150.jpg 200w, https:\/\/jugendpflege4.org\/wp-content\/uploads\/2023\/05\/Bild-Koeln-400x300.jpg 400w, https:\/\/jugendpflege4.org\/wp-content\/uploads\/2023\/05\/Bild-Koeln-600x450.jpg 600w, https:\/\/jugendpflege4.org\/wp-content\/uploads\/2023\/05\/Bild-Koeln-800x600.jpg 800w, https:\/\/jugendpflege4.org\/wp-content\/uploads\/2023\/05\/Bild-Koeln-1200x900.jpg 1200w\" sizes=\"auto, (max-width: 1120px) 100vw, 300px\" \/><\/span><div class=\"fusion-clearfix\"><\/div>\n\n\t\t\t\t\t<\/div>\n\t\t\t\t<\/div><\/div><\/div><div class=\"fusion-fullwidth fullwidth-box nonhundred-percent-fullwidth non-hundred-percent-height-scrolling\"  style='background-color: rgba(255,255,255,0);background-position: center center;background-repeat: no-repeat;padding-top:0px;padding-right:0px;padding-bottom:0px;padding-left:0px;'><div class=\"fusion-builder-row fusion-row \"><div  class=\"fusion-layout-column fusion_builder_column fusion_builder_column_1_2 fusion-builder-column-10 fusion-one-half fusion-column-first 1_2\"  style='margin-top:0px;margin-bottom:20px;width:50%;width:calc(50% - ( ( 4% ) * 0.5 ) );margin-right: 4%;'>\n\t\t\t\t\t<div class=\"fusion-column-wrapper\" style=\"padding: 0px 0px 0px 0px;background-position:left top;background-repeat:no-repeat;-webkit-background-size:cover;-moz-background-size:cover;-o-background-size:cover;background-size:cover;\"   data-bg-url=\"\">\n\t\t\t\t\t\t<span style=\"-webkit-box-shadow: 0px 0px 4px rgba(0,0,0,0.3);box-shadow: 0px 0px 4px rgba(0,0,0,0.3);\" class=\"fusion-imageframe imageframe-dropshadow imageframe-5 hover-type-none\"><img loading=\"lazy\" decoding=\"async\" src=\"https:\/\/jugendpflege4.org\/wp-content\/uploads\/2023\/01\/Freizeit-in-Koeln-300x300.png\" width=\"300\" height=\"300\" alt=\"\" title=\"Freizeit in K\u00f6ln\" class=\"img-responsive wp-image-2697\" srcset=\"https:\/\/jugendpflege4.org\/wp-content\/uploads\/2023\/01\/Freizeit-in-Koeln-200x200.png 200w, https:\/\/jugendpflege4.org\/wp-content\/uploads\/2023\/01\/Freizeit-in-Koeln-400x400.png 400w, https:\/\/jugendpflege4.org\/wp-content\/uploads\/2023\/01\/Freizeit-in-Koeln-600x600.png 600w, https:\/\/jugendpflege4.org\/wp-content\/uploads\/2023\/01\/Freizeit-in-Koeln-800x800.png 800w, https:\/\/jugendpflege4.org\/wp-content\/uploads\/2023\/01\/Freizeit-in-Koeln-1200x1200.png 1200w, https:\/\/jugendpflege4.org\/wp-content\/uploads\/2023\/01\/Freizeit-in-Koeln.png 1500w\" sizes=\"auto, (max-width: 1120px) 100vw, 300px\" \/><\/span><div class=\"fusion-clearfix\"><\/div>\n\n\t\t\t\t\t<\/div>\n\t\t\t\t<\/div><div  class=\"fusion-layout-column fusion_builder_column fusion_builder_column_1_2 fusion-builder-column-11 fusion-one-half fusion-column-last 1_2\"  style='margin-top:0px;margin-bottom:20px;width:50%;width:calc(50% - ( ( 4% ) * 0.5 ) );'>\n\t\t\t\t\t<div class=\"fusion-column-wrapper\" style=\"padding: 0px 0px 0px 0px;background-position:left top;background-repeat:no-repeat;-webkit-background-size:cover;-moz-background-size:cover;-o-background-size:cover;background-size:cover;\"   data-bg-url=\"\">\n\t\t\t\t\t\t<div class=\"fusion-text\"><h4>Ab nach K\u00f6ln!<\/h4>\n<p>\u00a0<\/p>\n<p>Gemeinsam fahren wir in den Osterferien vom 12.-14. April 2023 nach K\u00f6ln. Von einem Ausflug in die Innenstadt zum Shoppen, einer Zeitreise durch das alte K\u00f6ln mit VR-Brillen, bis hin zu einem Tagesausflug in das ber\u00fchmte Schokoladenmuseum von Lindt: Spa\u00df und Abwechslung sind garantiert. \u00dcbernachten werden wir in einem Hostel mit Vollverpflegung mitten in der Innenstadt von K\u00f6ln.<\/p>\n<p>Du bist zwischen 12 und 17 Jahre alt und hast Bock auf einen St\u00e4dtetrip? Dann melde Dich bei David an! Er kann auch alle weiteren Fragen beantworten.<\/p>\n<p>Der Anmeldeschluss ist der 06. M\u00e4rz 2023. Die Kosten liegen bei 140\u20ac p.P..<\/p>\n<p>\u00a0<\/p>\n<p>Kontakt:<br \/>David Potschka<br \/>Tel.: 0171-5177972<br \/>Mail: <a href=\"mailto:potschka@jugendpflege4.de\">potschka@jugendpflege4.de<\/a><\/p>\n<p>\u00a0<\/p>\n<p>Eure Jugendpflege 4.0<\/p>\n<\/div><div class=\"fusion-clearfix\"><\/div>\n\n\t\t\t\t\t<\/div>\n\t\t\t\t<\/div><\/div><\/div><\/p>\n","protected":false},"excerpt":{"rendered":"","protected":false},"author":2,"featured_media":0,"parent":0,"menu_order":0,"comment_status":"closed","ping_status":"closed","template":"","meta":{"_bbp_topic_count":0,"_bbp_reply_count":0,"_bbp_total_topic_count":0,"_bbp_total_reply_count":0,"_bbp_voice_count":0,"_bbp_anonymous_reply_count":0,"_bbp_topic_count_hidden":0,"_bbp_reply_count_hidden":0,"_bbp_forum_subforum_count":0,"footnotes":""},"class_list":["post-1421","page","type-page","status-publish","hentry"],"_links":{"self":[{"href":"https:\/\/jugendpflege4.org\/index.php\/wp-json\/wp\/v2\/pages\/1421","targetHints":{"allow":["GET"]}}],"collection":[{"href":"https:\/\/jugendpflege4.org\/index.php\/wp-json\/wp\/v2\/pages"}],"about":[{"href":"https:\/\/jugendpflege4.org\/index.php\/wp-json\/wp\/v2\/types\/page"}],"author":[{"embeddable":true,"href":"https:\/\/jugendpflege4.org\/index.php\/wp-json\/wp\/v2\/users\/2"}],"replies":[{"embeddable":true,"href":"https:\/\/jugendpflege4.org\/index.php\/wp-json\/wp\/v2\/comments?post=1421"}],"version-history":[{"count":10,"href":"https:\/\/jugendpflege4.org\/index.php\/wp-json\/wp\/v2\/pages\/1421\/revisions"}],"predecessor-version":[{"id":3245,"href":"https:\/\/jugendpflege4.org\/index.php\/wp-json\/wp\/v2\/pages\/1421\/revisions\/3245"}],"wp:attachment":[{"href":"https:\/\/jugendpflege4.org\/index.php\/wp-json\/wp\/v2\/media?parent=1421"}],"curies":[{"name":"wp","href":"https:\/\/api.w.org\/{rel}","templated":true}]}}