{"id":813,"date":"2015-02-02T19:39:53","date_gmt":"2015-02-02T19:39:53","guid":{"rendered":"http:\/\/avada.theme-fusion.com_demos\/cafe\/?page_id=11"},"modified":"2026-03-06T10:26:18","modified_gmt":"2026-03-06T09:26:18","slug":"food-drink","status":"publish","type":"page","link":"https:\/\/jugendpflege4.org\/index.php\/food-drink\/","title":{"rendered":"Angebote"},"content":{"rendered":"<p><div class=\"fusion-fullwidth fullwidth-box hundred-percent-fullwidth non-hundred-percent-height-scrolling fusion-equal-height-columns\"  style='background-color: rgba(255,255,255,0);background-position: left top;background-repeat: no-repeat;padding-top:0px;padding-right:0px;padding-bottom:0px;padding-left:0px;border-top-width:0px;border-bottom-width:0px;border-color:#eae9e9;border-top-style:solid;border-bottom-style:solid;'><div class=\"fusion-builder-row fusion-row \"><\/div><\/div><div class=\"fusion-fullwidth fullwidth-box nonhundred-percent-fullwidth non-hundred-percent-height-scrolling\"  style='background-color: rgba(255,255,255,0);background-position: center center;background-repeat: no-repeat;padding-top:0px;padding-right:0px;padding-bottom:0px;padding-left:0px;'><div class=\"fusion-builder-row fusion-row \"><div  class=\"fusion-layout-column fusion_builder_column fusion_builder_column_1_1 fusion-builder-column-1 fusion-one-full fusion-column-first fusion-column-last 1_1\"  style='margin-top:0px;margin-bottom:20px;'>\n\t\t\t\t\t<div class=\"fusion-column-wrapper\" style=\"padding: 0px 0px 0px 0px;background-position:left top;background-repeat:no-repeat;-webkit-background-size:cover;-moz-background-size:cover;-o-background-size:cover;background-size:cover;\"   data-bg-url=\"\">\n\t\t\t\t\t\t<div class=\"fusion-text\"><h1 style=\"text-align: center;\">Ferienspiele<\/h1>\n<h4 style=\"text-align: center;\">Ostern &#8211; Sommer &#8211; Herbst<\/h4>\n<\/div><div class=\"fusion-clearfix\"><\/div>\n\n\t\t\t\t\t<\/div>\n\t\t\t\t<\/div><\/div><\/div><div class=\"fusion-fullwidth fullwidth-box nonhundred-percent-fullwidth non-hundred-percent-height-scrolling\"  style='background-color: rgba(255,255,255,0);background-position: center center;background-repeat: no-repeat;padding-top:0px;padding-right:0px;padding-bottom:0px;padding-left:0px;'><div class=\"fusion-builder-row fusion-row \"><div  class=\"fusion-layout-column fusion_builder_column fusion_builder_column_1_2 fusion-builder-column-2 fusion-one-half fusion-column-first 1_2\"  style='margin-top:0px;margin-bottom:20px;width:50%;width:calc(50% - ( ( 4% ) * 0.5 ) );margin-right: 4%;'>\n\t\t\t\t\t<div class=\"fusion-column-wrapper\" style=\"padding: 0px 0px 0px 0px;background-position:left top;background-repeat:no-repeat;-webkit-background-size:cover;-moz-background-size:cover;-o-background-size:cover;background-size:cover;\"   data-bg-url=\"\">\n\t\t\t\t\t\t<div class=\"fusion-text\"><p>Wir veranstalten in den Oster-, Sommer- und Herbstferien Ferienspiele f\u00fcr Kinder und Jugendliche.<\/p>\n<p>Bitte auf das gesonderte Programm auf unserer Ferienspielseite achten:<\/p>\n<h5 data-fontsize=\"15\" data-lineheight=\"18\"><a href=\"https:\/\/www.unser-ferienprogramm.de\/jugendpflege4\/index.php\" target=\"_blank\" rel=\"noopener noreferrer\">www.unser-ferienprogramm.de<\/a><\/h5>\n<\/div><div class=\"fusion-clearfix\"><\/div>\n\n\t\t\t\t\t<\/div>\n\t\t\t\t<\/div><div  class=\"fusion-layout-column fusion_builder_column fusion_builder_column_1_2 fusion-builder-column-3 fusion-one-half fusion-column-last 1_2\"  style='margin-top:0px;margin-bottom:20px;width:50%;width:calc(50% - ( ( 4% ) * 0.5 ) );'>\n\t\t\t\t\t<div class=\"fusion-column-wrapper\" style=\"padding: 0px 0px 0px 0px;background-position:left top;background-repeat:no-repeat;-webkit-background-size:cover;-moz-background-size:cover;-o-background-size:cover;background-size:cover;\"   data-bg-url=\"\">\n\t\t\t\t\t\t<span style=\"-webkit-box-shadow: 0px 0px 4px rgba(0,0,0,0.3);box-shadow: 0px 0px 4px rgba(0,0,0,0.3);\" class=\"fusion-imageframe imageframe-dropshadow imageframe-1 hover-type-none\"><img loading=\"lazy\" decoding=\"async\" src=\"https:\/\/jugendpflege4.org\/wp-content\/uploads\/2019\/10\/DSC00304.jpg\" width=\"1200\" height=\"800\" alt=\"\" title=\"DSC00304\" class=\"img-responsive wp-image-904\"\/><\/span><div class=\"fusion-clearfix\"><\/div>\n\n\t\t\t\t\t<\/div>\n\t\t\t\t<\/div><\/div><\/div><div class=\"fusion-fullwidth fullwidth-box nonhundred-percent-fullwidth non-hundred-percent-height-scrolling\"  style='background-color: rgba(255,255,255,0);background-position: center center;background-repeat: no-repeat;padding-top:0px;padding-right:0px;padding-bottom:0px;padding-left:0px;'><div class=\"fusion-builder-row fusion-row \"><div  class=\"fusion-layout-column fusion_builder_column fusion_builder_column_1_1 fusion-builder-column-4 fusion-one-full fusion-column-first fusion-column-last 1_1\"  style='margin-top:0px;margin-bottom:20px;'>\n\t\t\t\t\t<div class=\"fusion-column-wrapper\" style=\"padding: 0px 0px 0px 0px;background-position:left top;background-repeat:no-repeat;-webkit-background-size:cover;-moz-background-size:cover;-o-background-size:cover;background-size:cover;\"   data-bg-url=\"\">\n\t\t\t\t\t\t<div class=\"fusion-text\"><h1 style=\"text-align: center;\">Ferienfreizeiten<\/h1>\n<h4 style=\"text-align: center;\">Fahrten und Freizeitangebote<\/h4>\n<\/div><div class=\"fusion-clearfix\"><\/div>\n\n\t\t\t\t\t<\/div>\n\t\t\t\t<\/div><\/div><\/div><div class=\"fusion-fullwidth fullwidth-box nonhundred-percent-fullwidth non-hundred-percent-height-scrolling\"  style='background-color: rgba(255,255,255,0);background-position: center center;background-repeat: no-repeat;padding-top:0px;padding-right:0px;padding-bottom:0px;padding-left:0px;'><div class=\"fusion-builder-row fusion-row \"><div  class=\"fusion-layout-column fusion_builder_column fusion_builder_column_1_2 fusion-builder-column-5 fusion-one-half fusion-column-first 1_2\"  style='margin-top:0px;margin-bottom:20px;width:50%;width:calc(50% - ( ( 5% ) * 0.5 ) );margin-right: 5%;'>\n\t\t\t\t\t<div class=\"fusion-column-wrapper\" style=\"padding: 0px 0px 0px 0px;background-position:left top;background-repeat:no-repeat;-webkit-background-size:cover;-moz-background-size:cover;-o-background-size:cover;background-size:cover;\"   data-bg-url=\"\">\n\t\t\t\t\t\t<div class=\"fusion-text\"><h4 data-fontsize=\"18\" data-lineheight=\"23\">Kanutour auf der Lahn<\/h4>\n<p>Wir fahren f\u00fcr drei Tage mit dem Kanu auf der Lahn mit \u00dcbernachtung in Zelten. Mehr Infos <a href=\"https:\/\/jugendpflege4.org\/index.php\/kanutour-2\/\" target=\"_blank\" rel=\"noopener noreferrer\">hier<\/a>.<\/p>\n<h4 data-fontsize=\"18\" data-lineheight=\"23\">Baumhaus\u00fcbernachtung<\/h4>\n<p>Wir \u00fcbernachten in richtigen Baumh\u00e4usern und erkunden die Natur. Mehr Infos <a href=\"https:\/\/jugendpflege4.org\/index.php\/baumhaus-2\/\" target=\"_blank\" rel=\"noopener noreferrer\">hier<\/a>.<\/p>\n<h4 data-fontsize=\"18\" data-lineheight=\"23\">Osterfreizeit<\/h4>\n<p>In den Osterferien fahren wir eine Woche mit euch im Jahreswechsel nach Oberstdorf oder in eine gr\u00f6\u00dfere deutsche Stadt. Mehr Infos zu <a href=\"https:\/\/jugendpflege4.org\/index.php\/oberstdorf\/\" target=\"_blank\" rel=\"noopener noreferrer\">Oberstdorf <\/a>und zum <a href=\"https:\/\/jugendpflege4.org\/index.php\/berlin\/\">St\u00e4dtetrip<\/a>.<\/p>\n<h4>Sommerfreizeit<\/h4>\n<p>Die Sommerferien sind unsere Zeit f\u00fcr gro\u00dfe Reisen. Fahrt mit uns an die Nordsee und genie\u00dft die Ruhe des Nordens. Weitere Infos findet ihr <a href=\"https:\/\/jugendpflege4.org\/index.php\/sommercamp-otterndorf\/\">hier<\/a>.<\/p>\n<h4 data-fontsize=\"18\" data-lineheight=\"23\">Europ\u00e4ischer Jugendaustausch<\/h4>\n<p>Mit den Partnerst\u00e4dten von Florstadt und W\u00f6lfersheim . Mehr Infos <a href=\"https:\/\/jugendpflege4.org\/index.php\/internationale-jugendbegnungen\/\" target=\"_blank\" rel=\"noopener noreferrer\">hier<\/a>.<\/p>\n<h4 data-fontsize=\"18\" data-lineheight=\"23\">Odenwald<\/h4>\n<p>Wir besuchen unsere Partnerkommune Reichelsheim im Odw. in den Sommerferien.<\/p>\n<\/div><div class=\"fusion-clearfix\"><\/div>\n\n\t\t\t\t\t<\/div>\n\t\t\t\t<\/div><div  class=\"fusion-layout-column fusion_builder_column fusion_builder_column_1_2 fusion-builder-column-6 fusion-one-half fusion-column-last 1_2\"  style='margin-top:0px;margin-bottom:20px;width:50%;width:calc(50% - ( ( 5% ) * 0.5 ) );'>\n\t\t\t\t\t<div class=\"fusion-column-wrapper\" style=\"padding: 0px 0px 0px 0px;background-position:left top;background-repeat:no-repeat;-webkit-background-size:cover;-moz-background-size:cover;-o-background-size:cover;background-size:cover;\"   data-bg-url=\"\">\n\t\t\t\t\t\t<span style=\"-webkit-box-shadow: 0px 0px 4px rgba(0,0,0,0.3);box-shadow: 0px 0px 4px rgba(0,0,0,0.3);\" class=\"fusion-imageframe imageframe-dropshadow imageframe-2 hover-type-none\"><img loading=\"lazy\" decoding=\"async\" src=\"https:\/\/jugendpflege4.org\/wp-content\/uploads\/2020\/02\/Schneefreizeit.jpg\" width=\"1200\" height=\"675\" alt=\"\" title=\"Schneefreizeit\" class=\"img-responsive wp-image-1311\"\/><\/span><div class=\"fusion-clearfix\"><\/div>\n\n\t\t\t\t\t<\/div>\n\t\t\t\t<\/div><\/div><\/div><div class=\"fusion-fullwidth fullwidth-box nonhundred-percent-fullwidth non-hundred-percent-height-scrolling\"  style='background-color: rgba(255,255,255,0);background-position: center center;background-repeat: no-repeat;padding-top:0px;padding-right:0px;padding-bottom:0px;padding-left:0px;'><div class=\"fusion-builder-row fusion-row \"><div  class=\"fusion-layout-column fusion_builder_column fusion_builder_column_1_1 fusion-builder-column-7 fusion-one-full fusion-column-first fusion-column-last 1_1\"  style='margin-top:0px;margin-bottom:20px;'>\n\t\t\t\t\t<div class=\"fusion-column-wrapper\" style=\"padding: 0px 0px 0px 0px;background-position:left top;background-repeat:no-repeat;-webkit-background-size:cover;-moz-background-size:cover;-o-background-size:cover;background-size:cover;\"   data-bg-url=\"\">\n\t\t\t\t\t\t<div class=\"fusion-text\"><h1 style=\"text-align: center;\">Formulare<\/h1>\n<ul>\n<li style=\"text-align: center;\"><a href=\"https:\/\/jugendpflege4.org\/wp-content\/uploads\/2020\/02\/Anmeldung-Schneefreizeit.pdf\">Anmeldung Schneefreizeit<\/a><\/li>\n<li style=\"text-align: center;\"><a href=\"https:\/\/jugendpflege4.org\/wp-content\/uploads\/2020\/02\/Anmeldung-Baumhaus\u00fcbernachtung.pdf\">Anmeldung Baumhaus\u00fcbernachtung<\/a><\/li>\n<li style=\"text-align: center;\"><a href=\"https:\/\/jugendpflege4.org\/wp-content\/uploads\/2023\/05\/Anmeldung-Kanutour2023.pdf\">Anmeldung Kanutour<\/a><\/li>\n<li style=\"text-align: center;\"><a href=\"https:\/\/jugendpflege4.org\/wp-content\/uploads\/2020\/02\/Anmeldung-Osterferienspiele.pdf\">Anmeldung Osterferienspiele<\/a><\/li>\n<\/ul>\n<\/div><div class=\"fusion-clearfix\"><\/div>\n\n\t\t\t\t\t<\/div>\n\t\t\t\t<\/div><\/div><\/div><div class=\"fusion-fullwidth fullwidth-box nonhundred-percent-fullwidth non-hundred-percent-height-scrolling\"  style='background-color: rgba(255,255,255,0);background-position: center center;background-repeat: no-repeat;padding-top:0px;padding-right:0px;padding-bottom:0px;padding-left:0px;'><div class=\"fusion-builder-row fusion-row \"><div  class=\"fusion-layout-column fusion_builder_column fusion_builder_column_1_1 fusion-builder-column-8 fusion-one-full fusion-column-first fusion-column-last 1_1\"  style='margin-top:0px;margin-bottom:20px;'>\n\t\t\t\t\t<div class=\"fusion-column-wrapper\" style=\"padding: 0px 0px 0px 0px;background-position:left top;background-repeat:no-repeat;-webkit-background-size:cover;-moz-background-size:cover;-o-background-size:cover;background-size:cover;\"   data-bg-url=\"\">\n\t\t\t\t\t\t<div class=\"fusion-text\"><h1 style=\"text-align: center;\">JUGENDTREFFS<\/h1>\n<h4 style=\"text-align: center;\">in den vier Kommunen<\/h4>\n<\/div><div class=\"fusion-clearfix\"><\/div>\n\n\t\t\t\t\t<\/div>\n\t\t\t\t<\/div><\/div><\/div><div class=\"fusion-fullwidth fullwidth-box nonhundred-percent-fullwidth non-hundred-percent-height-scrolling\"  style='background-color: rgba(255,255,255,0);background-position: center center;background-repeat: no-repeat;padding-top:0px;padding-right:0px;padding-bottom:0px;padding-left:0px;'><div class=\"fusion-builder-row fusion-row \"><div  class=\"fusion-layout-column fusion_builder_column fusion_builder_column_1_2 fusion-builder-column-9 fusion-one-half fusion-column-first 1_2\"  style='margin-top:0px;margin-bottom:20px;width:50%;width:calc(50% - ( ( 4% ) * 0.5 ) );margin-right: 4%;'>\n\t\t\t\t\t<div class=\"fusion-column-wrapper\" style=\"padding: 0px 0px 0px 0px;background-position:left top;background-repeat:no-repeat;-webkit-background-size:cover;-moz-background-size:cover;-o-background-size:cover;background-size:cover;\"   data-bg-url=\"\">\n\t\t\t\t\t\t<span style=\"-webkit-box-shadow: 0px 0px 4px rgba(0,0,0,0.3);box-shadow: 0px 0px 4px rgba(0,0,0,0.3);\" class=\"fusion-imageframe imageframe-dropshadow imageframe-3 hover-type-none\"><img loading=\"lazy\" decoding=\"async\" src=\"https:\/\/jugendpflege4.org\/wp-content\/uploads\/2020\/02\/MG_5275rotes-Haus.jpg\" width=\"868\" height=\"578\" alt=\"\" title=\"_MG_5275rotes Haus\" class=\"img-responsive wp-image-1242\" srcset=\"https:\/\/jugendpflege4.org\/wp-content\/uploads\/2020\/02\/MG_5275rotes-Haus-200x133.jpg 200w, https:\/\/jugendpflege4.org\/wp-content\/uploads\/2020\/02\/MG_5275rotes-Haus-400x266.jpg 400w, https:\/\/jugendpflege4.org\/wp-content\/uploads\/2020\/02\/MG_5275rotes-Haus-600x400.jpg 600w, https:\/\/jugendpflege4.org\/wp-content\/uploads\/2020\/02\/MG_5275rotes-Haus-800x533.jpg 800w, https:\/\/jugendpflege4.org\/wp-content\/uploads\/2020\/02\/MG_5275rotes-Haus.jpg 868w\" sizes=\"auto, (max-width: 1120px) 100vw, 600px\" \/><\/span><div class=\"fusion-clearfix\"><\/div>\n\n\t\t\t\t\t<\/div>\n\t\t\t\t<\/div><div  class=\"fusion-layout-column fusion_builder_column fusion_builder_column_1_2 fusion-builder-column-10 fusion-one-half fusion-column-last 1_2\"  style='margin-top:0px;margin-bottom:20px;width:50%;width:calc(50% - ( ( 4% ) * 0.5 ) );'>\n\t\t\t\t\t<div class=\"fusion-column-wrapper\" style=\"padding: 0px 0px 0px 0px;background-position:left top;background-repeat:no-repeat;-webkit-background-size:cover;-moz-background-size:cover;-o-background-size:cover;background-size:cover;\"   data-bg-url=\"\">\n\t\t\t\t\t\t<div class=\"fusion-text\"><p>Jede Kommune hat eigene Jugendr\u00e4ume in den einzelnen Stadt- bzw. Gemeindeteilen.<\/p>\n<p>In der Regel ist jeder Treff einmal die Woche ge\u00f6ffnet und bietet Raum zur freien Gestaltung und f\u00fcr projektbezogene Arbeit mit den Kindern und Jugendlichen.<\/p>\n<p>Welche Treffs es gibt und wann diese jeweils ge\u00f6ffnet sind, findest Du unter <a href=\"https:\/\/jugendpflege4.org\/index.php\/locations\/\" target=\"_blank\" rel=\"noopener noreferrer\">\u201eJugendtreffs\u201c<\/a>.<\/p>\n<\/div><div class=\"fusion-clearfix\"><\/div>\n\n\t\t\t\t\t<\/div>\n\t\t\t\t<\/div><\/div><\/div><div class=\"fusion-fullwidth fullwidth-box nonhundred-percent-fullwidth non-hundred-percent-height-scrolling\"  style='background-color: rgba(255,255,255,0);background-position: center center;background-repeat: no-repeat;padding-top:0px;padding-right:0px;padding-bottom:0px;padding-left:0px;'><div class=\"fusion-builder-row fusion-row \"><div  class=\"fusion-layout-column fusion_builder_column fusion_builder_column_1_1 fusion-builder-column-11 fusion-one-full fusion-column-first fusion-column-last 1_1\"  style='margin-top:0px;margin-bottom:20px;'>\n\t\t\t\t\t<div class=\"fusion-column-wrapper\" style=\"padding: 0px 0px 0px 0px;background-position:left top;background-repeat:no-repeat;-webkit-background-size:cover;-moz-background-size:cover;-o-background-size:cover;background-size:cover;\"   data-bg-url=\"\">\n\t\t\t\t\t\t<div class=\"fusion-text\"><h1 style=\"text-align: center;\">Aufsuchende Jugendarbeit<\/h1>\n<h4 style=\"text-align: center;\">Streetwork und Jugendsprechstunde<\/h4>\n<\/div><div class=\"fusion-clearfix\"><\/div>\n\n\t\t\t\t\t<\/div>\n\t\t\t\t<\/div><\/div><\/div><div class=\"fusion-fullwidth fullwidth-box nonhundred-percent-fullwidth non-hundred-percent-height-scrolling\"  style='background-color: rgba(255,255,255,0);background-position: center center;background-repeat: no-repeat;padding-top:0px;padding-right:0px;padding-bottom:0px;padding-left:0px;'><div class=\"fusion-builder-row fusion-row \"><div  class=\"fusion-layout-column fusion_builder_column fusion_builder_column_1_2 fusion-builder-column-12 fusion-one-half fusion-column-first 1_2\"  style='margin-top:0px;margin-bottom:20px;width:48%; margin-right: 4%;'>\n\t\t\t\t\t<div class=\"fusion-column-wrapper\" style=\"padding: 0px 0px 0px 0px;background-position:left top;background-repeat:no-repeat;-webkit-background-size:cover;-moz-background-size:cover;-o-background-size:cover;background-size:cover;\"   data-bg-url=\"\">\n\t\t\t\t\t\t<div class=\"fusion-text\"><\/div><div class=\"fusion-clearfix\"><\/div>\n\n\t\t\t\t\t<\/div>\n\t\t\t\t<\/div><\/div><\/div><div class=\"fusion-fullwidth fullwidth-box nonhundred-percent-fullwidth non-hundred-percent-height-scrolling\"  style='background-color: rgba(255,255,255,0);background-position: center center;background-repeat: no-repeat;padding-top:0px;padding-right:0px;padding-bottom:0px;padding-left:0px;'><div class=\"fusion-builder-row fusion-row \"><div  class=\"fusion-layout-column fusion_builder_column fusion_builder_column_1_2 fusion-builder-column-13 fusion-one-half fusion-column-first 1_2\"  style='margin-top:0px;margin-bottom:20px;width:50%;width:calc(50% - ( ( 4% ) * 0.5 ) );margin-right: 4%;'>\n\t\t\t\t\t<div class=\"fusion-column-wrapper\" style=\"padding: 0px 0px 0px 0px;background-position:left top;background-repeat:no-repeat;-webkit-background-size:cover;-moz-background-size:cover;-o-background-size:cover;background-size:cover;\"   data-bg-url=\"\">\n\t\t\t\t\t\t<div class=\"fusion-text\"><p>Derzeit sind zwei Jugendpfleger*innen aus unserem Team in den Nachmittags- und Abendstunden unterwegs, um direkt mit den Jugendlichen in Kontakt zu kommen.<\/p>\n<p>Des Weiteren bieten wir eine Jugendsprechstunde an. N\u00e4here Informationen dazu finden Sie <a href=\"https:\/\/jugendpflege4.org\/index.php\/jugendsprechstunde\/\" target=\"_blank\" rel=\"noopener noreferrer\">hier<\/a>.<\/p>\n<\/div><div class=\"fusion-clearfix\"><\/div>\n\n\t\t\t\t\t<\/div>\n\t\t\t\t<\/div><div  class=\"fusion-layout-column fusion_builder_column fusion_builder_column_1_2 fusion-builder-column-14 fusion-one-half fusion-column-last 1_2\"  style='margin-top:0px;margin-bottom:20px;width:50%;width:calc(50% - ( ( 4% ) * 0.5 ) );'>\n\t\t\t\t\t<div class=\"fusion-column-wrapper\" style=\"padding: 0px 0px 0px 0px;background-position:left top;background-repeat:no-repeat;-webkit-background-size:cover;-moz-background-size:cover;-o-background-size:cover;background-size:cover;\"   data-bg-url=\"\">\n\t\t\t\t\t\t<span style=\"-webkit-box-shadow: 0px 0px 4px rgba(0,0,0,0.3);box-shadow: 0px 0px 4px rgba(0,0,0,0.3);\" class=\"fusion-imageframe imageframe-dropshadow imageframe-4 hover-type-none\"><img loading=\"lazy\" decoding=\"async\" src=\"https:\/\/jugendpflege4.org\/wp-content\/uploads\/2020\/09\/Beratung.jpg\" width=\"604\" height=\"426\" alt=\"\" title=\"Beratung\" class=\"img-responsive wp-image-2034\" srcset=\"https:\/\/jugendpflege4.org\/wp-content\/uploads\/2020\/09\/Beratung-200x141.jpg 200w, https:\/\/jugendpflege4.org\/wp-content\/uploads\/2020\/09\/Beratung-400x282.jpg 400w, https:\/\/jugendpflege4.org\/wp-content\/uploads\/2020\/09\/Beratung-600x423.jpg 600w, https:\/\/jugendpflege4.org\/wp-content\/uploads\/2020\/09\/Beratung.jpg 604w\" sizes=\"auto, (max-width: 1120px) 100vw, 604px\" \/><\/span><div class=\"fusion-clearfix\"><\/div>\n\n\t\t\t\t\t<\/div>\n\t\t\t\t<\/div><\/div><\/div><\/p>\n","protected":false},"excerpt":{"rendered":"","protected":false},"author":1,"featured_media":0,"parent":0,"menu_order":0,"comment_status":"closed","ping_status":"open","template":"100-width.php","meta":{"_bbp_topic_count":0,"_bbp_reply_count":0,"_bbp_total_topic_count":0,"_bbp_total_reply_count":0,"_bbp_voice_count":0,"_bbp_anonymous_reply_count":0,"_bbp_topic_count_hidden":0,"_bbp_reply_count_hidden":0,"_bbp_forum_subforum_count":0,"footnotes":""},"class_list":["post-813","page","type-page","status-publish","hentry"],"_links":{"self":[{"href":"https:\/\/jugendpflege4.org\/index.php\/wp-json\/wp\/v2\/pages\/813","targetHints":{"allow":["GET"]}}],"collection":[{"href":"https:\/\/jugendpflege4.org\/index.php\/wp-json\/wp\/v2\/pages"}],"about":[{"href":"https:\/\/jugendpflege4.org\/index.php\/wp-json\/wp\/v2\/types\/page"}],"author":[{"embeddable":true,"href":"https:\/\/jugendpflege4.org\/index.php\/wp-json\/wp\/v2\/users\/1"}],"replies":[{"embeddable":true,"href":"https:\/\/jugendpflege4.org\/index.php\/wp-json\/wp\/v2\/comments?post=813"}],"version-history":[{"count":64,"href":"https:\/\/jugendpflege4.org\/index.php\/wp-json\/wp\/v2\/pages\/813\/revisions"}],"predecessor-version":[{"id":3268,"href":"https:\/\/jugendpflege4.org\/index.php\/wp-json\/wp\/v2\/pages\/813\/revisions\/3268"}],"wp:attachment":[{"href":"https:\/\/jugendpflege4.org\/index.php\/wp-json\/wp\/v2\/media?parent=813"}],"curies":[{"name":"wp","href":"https:\/\/api.w.org\/{rel}","templated":true}]}}